{"id":1351,"date":"2024-12-11T07:39:27","date_gmt":"2024-12-11T07:39:27","guid":{"rendered":"https:\/\/klbtheme.com\/fynode\/?page_id=1351"},"modified":"2026-04-22T15:54:32","modified_gmt":"2026-04-22T15:54:32","slug":"info","status":"publish","type":"page","link":"https:\/\/ametllafilmfest.com\/es\/info\/","title":{"rendered":"Informaci\u00f3n"},"content":{"rendered":"<div data-elementor-type=\"wp-page\" data-elementor-id=\"1351\" class=\"elementor elementor-1351\">\n\t\t\t\t<div class=\"elementor-element elementor-element-f12c0c4 e-con-full e-flex e-con e-parent\" data-id=\"f12c0c4\" data-element_type=\"container\">\n\t\t\t\t<div class=\"elementor-element elementor-element-a1ccf91 elementor-widget elementor-widget-fynode-home-slider\" data-id=\"a1ccf91\" data-element_type=\"widget\" data-widget_type=\"fynode-home-slider.default\">\n\t\t\t\t<div class=\"elementor-widget-container\">\n\t\t\t\t\t<div class=\"site-slider slider-style loader-default\" data-items=\"1\" data-items-tablet=\"1\" data-items-mobile=\"1\" data-itemsscroll=\"1\" data-speed=\"600\" data-arrows=\"true\" data-dots=\"true\" data-autoplay=\"true\" data-autospeed=\"600\" data-loop=\"true\" style=\"--dots-background: #f3f4f6;\"><div class=\"site-slider-item\"><div class=\"site-banner default-style light\" style=\"--banner-mobile: 466px; --banner-tablet: 827px; --banner-desktop: 827px;\"><div class=\"site-banner-content align-items-center justify-content-center\"><div class=\"site-banner-inner max-width\" style=\"--max-width-desktop: 820px; --max-width-tablet: 820px; --max-width-mobile: 100%;\"><div class=\"site-banner-header\"><h3 class=\"entry-subtitle subtitle-sm subtitle-lg\">Pasi\u00f3n por el cine, <\/h3><h2 class=\"entry-title title-6xl fw-bold tracking-tighter leading-tight\">compromiso con la cultura<\/h2><\/div><!-- site-banner-header --><div class=\"site-banner-body\"><div class=\"entry-description description-xl opacity-75 fw-light\"><p>y amor por l'Ametlla de Mar.<\/p><\/div><!-- entry-description --><\/div><!-- site-banner-body --><div class=\"site-banner-footer\"><a href=\"https:\/\/entradas.codetickets.com\/entradas\/ametlla-film-fest\"  target=\"&quot;_blank&quot;\" class=\"btn btn-white btn-rounded\">Compra tu entrada<\/a><\/div><!-- site-banner-footer --><\/div><!-- site-banner-inner --><\/div><!-- site-banner-content --><div class=\"site-banner-media image-overlay dark\" style=\"--overlay-opacity: 0.3;\"><img decoding=\"async\" src=\"https:\/\/ametllafilmfest.com\/wp-content\/uploads\/2025\/03\/visualelectric-1742063590776-1.png\" alt=\"\"><\/div><!-- site-banner-media --><\/div><!-- site-banner --><\/div><!-- site-slider-item --><\/div><!-- site-slider -->\t\t\t\t<\/div>\n\t\t\t\t<\/div>\n\t\t\t\t<\/div>\n\t\t<div class=\"elementor-element elementor-element-60abf06 e-flex e-con-boxed e-con e-parent\" data-id=\"60abf06\" data-element_type=\"container\">\n\t\t\t\t\t<div class=\"e-con-inner\">\n\t\t\t\t<div class=\"elementor-element elementor-element-808657d elementor-widget-divider--view-line elementor-widget elementor-widget-divider\" data-id=\"808657d\" data-element_type=\"widget\" data-widget_type=\"divider.default\">\n\t\t\t\t<div class=\"elementor-widget-container\">\n\t\t\t\t\t\t\t<div class=\"elementor-divider\">\n\t\t\t<span class=\"elementor-divider-separator\">\n\t\t\t\t\t\t<\/span>\n\t\t<\/div>\n\t\t\t\t\t\t<\/div>\n\t\t\t\t<\/div>\n\t\t\t\t\t<\/div>\n\t\t\t\t<\/div>\n\t\t<div class=\"elementor-element elementor-element-69b7919 e-con-full e-flex e-con e-parent\" data-id=\"69b7919\" data-element_type=\"container\">\n\t\t<div class=\"elementor-element elementor-element-d32ad34 e-con-full e-flex e-con e-child\" data-id=\"d32ad34\" data-element_type=\"container\">\n\t\t\t\t<div class=\"elementor-element elementor-element-93bb42f elementor-widget__width-initial elementor-widget elementor-widget-heading\" data-id=\"93bb42f\" data-element_type=\"widget\" data-widget_type=\"heading.default\">\n\t\t\t\t<div class=\"elementor-widget-container\">\n\t\t\t\t\t<h2 class=\"elementor-heading-title elementor-size-default\">SOBRE NOSOTROS<\/h2>\t\t\t\t<\/div>\n\t\t\t\t<\/div>\n\t\t\t\t<\/div>\n\t\t\t\t<\/div>\n\t\t<div class=\"elementor-element elementor-element-e787c98 e-flex e-con-boxed e-con e-parent\" data-id=\"e787c98\" data-element_type=\"container\">\n\t\t\t\t\t<div class=\"e-con-inner\">\n\t\t<div class=\"elementor-element elementor-element-73f6198 e-con-full e-flex e-con e-child\" data-id=\"73f6198\" data-element_type=\"container\">\n\t\t\t\t<div class=\"elementor-element elementor-element-2e95a53 elementor-widget elementor-widget-image\" data-id=\"2e95a53\" data-element_type=\"widget\" data-widget_type=\"image.default\">\n\t\t\t\t<div class=\"elementor-widget-container\">\n\t\t\t\t\t\t\t\t\t\t\t\t\t\t\t<img decoding=\"async\" src=\"https:\/\/ametllafilmfest.com\/wp-content\/uploads\/elementor\/thumbs\/PHOTO-2025-03-24-12-45-57-r3onpkb7oha8c3onqwcy75ix5z2wfewqhlaaqpmaiw.png\" title=\"PHOTO-2025-03-24-12-45-57\" alt=\"PHOTO-2025-03-24-12-45-57\" loading=\"lazy\" \/>\t\t\t\t\t\t\t\t\t\t\t\t\t\t\t<\/div>\n\t\t\t\t<\/div>\n\t\t\t\t<\/div>\n\t\t<div class=\"elementor-element elementor-element-e626e6e e-con-full e-flex e-con e-child\" data-id=\"e626e6e\" data-element_type=\"container\">\n\t\t\t\t<div class=\"elementor-element elementor-element-090e85b elementor-widget elementor-widget-fynode-custom-title\" data-id=\"090e85b\" data-element_type=\"widget\" data-widget_type=\"fynode-custom-title.default\">\n\t\t\t\t<div class=\"elementor-widget-container\">\n\t\t\t\t\t<div class=\"site-module-header fynode-custom-title flex-column align-items-center\"><div class=\"column\"><h3 class=\"entry-title\"><\/h3><\/div><!-- column --><div class=\"column\"><div class=\"entry-description\"><p>Detr\u00e1s del festival hay un equipo apasionado por la cultura y el audiovisual, formado por profesionales del sector, voluntarios y personas que creen en el cine como una herramienta para inspirar y transformar. Cada detalle del festival es fruto del trabajo colectivo, el esfuerzo y la ilusi\u00f3n de llevar lo mejor del s\u00e9ptimo arte a L'Ametlla de Mar. <br><br>Creemos en el poder de las historias, en la magia de las im\u00e1genes en movimiento y en la fuerza de una comunidad que se re\u00fane para compartir su pasi\u00f3n. Nos mueve el compromiso con la cultura y las ganas de hacer del festival una experiencia inolvidable. <br><br>\u00a1\u00danete a nosotros y vive el cine como nunca antes!<\/p><\/div><!-- entry-descriptio --><\/div><!-- column --><\/div>\t\t\t\t<\/div>\n\t\t\t\t<\/div>\n\t\t\t\t<\/div>\n\t\t\t\t\t<\/div>\n\t\t\t\t<\/div>\n\t\t<div class=\"elementor-element elementor-element-8b383c9 e-flex e-con-boxed e-con e-parent\" data-id=\"8b383c9\" data-element_type=\"container\">\n\t\t\t\t\t<div class=\"e-con-inner\">\n\t\t\t\t<div class=\"elementor-element elementor-element-cfd7cef elementor-widget elementor-widget-spacer\" data-id=\"cfd7cef\" data-element_type=\"widget\" data-widget_type=\"spacer.default\">\n\t\t\t\t<div class=\"elementor-widget-container\">\n\t\t\t\t\t\t\t<div class=\"elementor-spacer\">\n\t\t\t<div class=\"elementor-spacer-inner\"><\/div>\n\t\t<\/div>\n\t\t\t\t\t\t<\/div>\n\t\t\t\t<\/div>\n\t\t\t\t\t<\/div>\n\t\t\t\t<\/div>\n\t\t<div class=\"elementor-element elementor-element-24b51aa e-con-full e-flex e-con e-parent\" data-id=\"24b51aa\" data-element_type=\"container\">\n\t\t\t\t<div class=\"elementor-element elementor-element-31909df elementor-widget__width-initial elementor-widget elementor-widget-heading\" data-id=\"31909df\" data-element_type=\"widget\" data-widget_type=\"heading.default\">\n\t\t\t\t<div class=\"elementor-widget-container\">\n\t\t\t\t\t<h2 class=\"elementor-heading-title elementor-size-default\">EQUIPO 2025<\/h2>\t\t\t\t<\/div>\n\t\t\t\t<\/div>\n\t\t\t\t<\/div>\n\t\t<div class=\"elementor-element elementor-element-f61d3b1 e-flex e-con-boxed e-con e-parent\" data-id=\"f61d3b1\" data-element_type=\"container\">\n\t\t\t\t\t<div class=\"e-con-inner\">\n\t\t\t\t<div class=\"elementor-element elementor-element-451a596 elementor-widget-divider--view-line elementor-widget elementor-widget-divider\" data-id=\"451a596\" data-element_type=\"widget\" data-widget_type=\"divider.default\">\n\t\t\t\t<div class=\"elementor-widget-container\">\n\t\t\t\t\t\t\t<div class=\"elementor-divider\">\n\t\t\t<span class=\"elementor-divider-separator\">\n\t\t\t\t\t\t<\/span>\n\t\t<\/div>\n\t\t\t\t\t\t<\/div>\n\t\t\t\t<\/div>\n\t\t\t\t<div class=\"elementor-element elementor-element-a90dbaa elementor-widget elementor-widget-fynode-custom-title\" data-id=\"a90dbaa\" data-element_type=\"widget\" data-widget_type=\"fynode-custom-title.default\">\n\t\t\t\t<div class=\"elementor-widget-container\">\n\t\t\t\t\t<div class=\"site-module-header fynode-custom-title\"><div class=\"column\"><h3 class=\"entry-title\">Direcci\u00f3n y Programaci\u00f3n<\/h3><\/div><!-- column --><div class=\"column\"><div class=\"entry-description\"><p>Felip Soriano Bayarri<\/p><\/div><!-- entry-descriptio --><\/div><!-- column --><\/div>\t\t\t\t<\/div>\n\t\t\t\t<\/div>\n\t\t\t\t\t<\/div>\n\t\t\t\t<\/div>\n\t\t<div class=\"elementor-element elementor-element-5efe43a e-flex e-con-boxed e-con e-parent\" data-id=\"5efe43a\" data-element_type=\"container\">\n\t\t\t\t\t<div class=\"e-con-inner\">\n\t\t\t\t<div class=\"elementor-element elementor-element-dbbd4f8 elementor-widget-divider--view-line elementor-widget elementor-widget-divider\" data-id=\"dbbd4f8\" data-element_type=\"widget\" data-widget_type=\"divider.default\">\n\t\t\t\t<div class=\"elementor-widget-container\">\n\t\t\t\t\t\t\t<div class=\"elementor-divider\">\n\t\t\t<span class=\"elementor-divider-separator\">\n\t\t\t\t\t\t<\/span>\n\t\t<\/div>\n\t\t\t\t\t\t<\/div>\n\t\t\t\t<\/div>\n\t\t\t\t<div class=\"elementor-element elementor-element-9b11963 elementor-widget elementor-widget-fynode-custom-title\" data-id=\"9b11963\" data-element_type=\"widget\" data-widget_type=\"fynode-custom-title.default\">\n\t\t\t\t<div class=\"elementor-widget-container\">\n\t\t\t\t\t<div class=\"site-module-header fynode-custom-title\"><div class=\"column\"><h3 class=\"entry-title\">Jurado 1<\/h3><\/div><!-- column --><div class=\"column\"><div class=\"entry-description\"><p><\/p><\/div><!-- entry-descriptio --><\/div><!-- column --><\/div>\t\t\t\t<\/div>\n\t\t\t\t<\/div>\n\t\t\t\t\t<\/div>\n\t\t\t\t<\/div>\n\t\t<div class=\"elementor-element elementor-element-45f59a1 e-flex e-con-boxed e-con e-parent\" data-id=\"45f59a1\" data-element_type=\"container\">\n\t\t\t\t\t<div class=\"e-con-inner\">\n\t\t<div class=\"elementor-element elementor-element-666617b e-con-full e-flex e-con e-child\" data-id=\"666617b\" data-element_type=\"container\">\n\t\t\t\t<div class=\"elementor-element elementor-element-3de3024 elementor-widget elementor-widget-fynode-image-box\" data-id=\"3de3024\" data-element_type=\"widget\" data-widget_type=\"fynode-image-box.default\">\n\t\t\t\t<div class=\"elementor-widget-container\">\n\t\t\t\t\t<div class=\"site-content-over-media\"><div class=\"entry-media\"><img decoding=\"async\" src=\"https:\/\/ametllafilmfest.com\/wp-content\/uploads\/2025\/04\/IMG_9876.jpg\" alt=\"\"><\/div><!-- entry-media --><div class=\"entry-content\"><div class=\"entry-content-inner\"><div class=\"entry-description\"><p>David L\u00f3pez<\/p><\/div><!-- entry-description --><\/div><!-- entry-content-inner --><a href=\"\"  class=\"btn btn-link\"> <i class=\"klb-icon-move-right\"><\/i><\/a><\/div><!-- entry-content --><a href=\"\"  class=\"wrap-link\"><\/a><\/div><!-- site-content-over-media -->\t\t\t\t<\/div>\n\t\t\t\t<\/div>\n\t\t\t\t<\/div>\n\t\t<div class=\"elementor-element elementor-element-b1aaf92 e-con-full e-flex e-con e-child\" data-id=\"b1aaf92\" data-element_type=\"container\">\n\t\t\t\t<div class=\"elementor-element elementor-element-2dc84d3 elementor-widget elementor-widget-fynode-custom-title\" data-id=\"2dc84d3\" data-element_type=\"widget\" data-widget_type=\"fynode-custom-title.default\">\n\t\t\t\t<div class=\"elementor-widget-container\">\n\t\t\t\t\t<div class=\"site-module-header fynode-custom-title flex-column align-items-center\"><div class=\"column\"><h3 class=\"entry-title\"><\/h3><\/div><!-- column --><div class=\"column\"><div class=\"entry-description\"><p>David es actor y guionista.  \nDesde sus inicios, nunca ha dejado de formarse ni de adquirir experiencia en los \u00e1mbitos del teatro, el cine y la televisi\u00f3n.  \nCon una trayectoria marcada por la b\u00fasqueda y la exploraci\u00f3n personal, enfoca su trabajo desde una mirada humanista y profunda de la profesi\u00f3n y del proceso creativo.  \nActualmente, compagina su carrera art\u00edstica con la docencia, impartiendo talleres de interpretaci\u00f3n y direcci\u00f3n de actores.<\/p><\/div><!-- entry-descriptio --><\/div><!-- column --><\/div>\t\t\t\t<\/div>\n\t\t\t\t<\/div>\n\t\t\t\t<\/div>\n\t\t\t\t\t<\/div>\n\t\t\t\t<\/div>\n\t\t<div class=\"elementor-element elementor-element-ac2926b e-flex e-con-boxed e-con e-parent\" data-id=\"ac2926b\" data-element_type=\"container\">\n\t\t\t\t\t<div class=\"e-con-inner\">\n\t\t\t\t<div class=\"elementor-element elementor-element-b132e8f elementor-widget-divider--view-line elementor-widget elementor-widget-divider\" data-id=\"b132e8f\" data-element_type=\"widget\" data-widget_type=\"divider.default\">\n\t\t\t\t<div class=\"elementor-widget-container\">\n\t\t\t\t\t\t\t<div class=\"elementor-divider\">\n\t\t\t<span class=\"elementor-divider-separator\">\n\t\t\t\t\t\t<\/span>\n\t\t<\/div>\n\t\t\t\t\t\t<\/div>\n\t\t\t\t<\/div>\n\t\t\t\t<div class=\"elementor-element elementor-element-fd65994 elementor-widget elementor-widget-fynode-custom-title\" data-id=\"fd65994\" data-element_type=\"widget\" data-widget_type=\"fynode-custom-title.default\">\n\t\t\t\t<div class=\"elementor-widget-container\">\n\t\t\t\t\t<div class=\"site-module-header fynode-custom-title\"><div class=\"column\"><h3 class=\"entry-title\">Jurado 2<\/h3><\/div><!-- column --><div class=\"column\"><div class=\"entry-description\"><p><\/p><\/div><!-- entry-descriptio --><\/div><!-- column --><\/div>\t\t\t\t<\/div>\n\t\t\t\t<\/div>\n\t\t<div class=\"elementor-element elementor-element-77fb99f e-con-full e-flex e-con e-child\" data-id=\"77fb99f\" data-element_type=\"container\">\n\t\t<div class=\"elementor-element elementor-element-9baf3f3 e-con-full e-flex e-con e-child\" data-id=\"9baf3f3\" data-element_type=\"container\">\n\t\t\t\t<div class=\"elementor-element elementor-element-c12d245 elementor-widget elementor-widget-fynode-image-box\" data-id=\"c12d245\" data-element_type=\"widget\" data-widget_type=\"fynode-image-box.default\">\n\t\t\t\t<div class=\"elementor-widget-container\">\n\t\t\t\t\t<div class=\"site-content-over-media\"><div class=\"entry-media\"><img decoding=\"async\" src=\"https:\/\/ametllafilmfest.com\/wp-content\/uploads\/2025\/04\/Diseno-sin-titulo.png\" alt=\"\"><\/div><!-- entry-media --><div class=\"entry-content\"><div class=\"entry-content-inner\"><div class=\"entry-description\"><p>Andrea Lizarte<\/p><\/div><!-- entry-description --><\/div><!-- entry-content-inner --><a href=\"\"  class=\"btn btn-link\"> <i class=\"klb-icon-move-right\"><\/i><\/a><\/div><!-- entry-content --><a href=\"\"  class=\"wrap-link\"><\/a><\/div><!-- site-content-over-media -->\t\t\t\t<\/div>\n\t\t\t\t<\/div>\n\t\t\t\t<\/div>\n\t\t<div class=\"elementor-element elementor-element-ccb0c32 e-con-full e-flex e-con e-child\" data-id=\"ccb0c32\" data-element_type=\"container\">\n\t\t\t\t<div class=\"elementor-element elementor-element-473d9a9 elementor-widget elementor-widget-fynode-custom-title\" data-id=\"473d9a9\" data-element_type=\"widget\" data-widget_type=\"fynode-custom-title.default\">\n\t\t\t\t<div class=\"elementor-widget-container\">\n\t\t\t\t\t<div class=\"site-module-header fynode-custom-title flex-column align-items-center\"><div class=\"column\"><h3 class=\"entry-title\"><\/h3><\/div><!-- column --><div class=\"column\"><div class=\"entry-description\"><p>Andrea Lizarte es graduada en arte dram\u00e1tico y direcci\u00f3n.  \nComenz\u00f3 su trayectoria en el mundo del teatro, pero con el tiempo ha ido orientando su carrera hacia el cine, combinando la interpretaci\u00f3n con la direcci\u00f3n y la producci\u00f3n.  \nActualmente se encuentra inmersa en la escritura del guion de su primera pel\u00edcula como directora, al mismo tiempo que trabaja como primera ayudante de producci\u00f3n en un largometraje rodado en Gran Canaria.<\/p><\/div><!-- entry-descriptio --><\/div><!-- column --><\/div>\t\t\t\t<\/div>\n\t\t\t\t<\/div>\n\t\t\t\t<\/div>\n\t\t\t\t<\/div>\n\t\t\t\t\t<\/div>\n\t\t\t\t<\/div>\n\t\t<div class=\"elementor-element elementor-element-67d3039 e-flex e-con-boxed e-con e-parent\" data-id=\"67d3039\" data-element_type=\"container\">\n\t\t\t\t\t<div class=\"e-con-inner\">\n\t\t\t\t<div class=\"elementor-element elementor-element-37c52bf elementor-widget-divider--view-line elementor-widget elementor-widget-divider\" data-id=\"37c52bf\" data-element_type=\"widget\" data-widget_type=\"divider.default\">\n\t\t\t\t<div class=\"elementor-widget-container\">\n\t\t\t\t\t\t\t<div class=\"elementor-divider\">\n\t\t\t<span class=\"elementor-divider-separator\">\n\t\t\t\t\t\t<\/span>\n\t\t<\/div>\n\t\t\t\t\t\t<\/div>\n\t\t\t\t<\/div>\n\t\t\t\t<div class=\"elementor-element elementor-element-33e890b elementor-widget elementor-widget-fynode-custom-title\" data-id=\"33e890b\" data-element_type=\"widget\" data-widget_type=\"fynode-custom-title.default\">\n\t\t\t\t<div class=\"elementor-widget-container\">\n\t\t\t\t\t<div class=\"site-module-header fynode-custom-title\"><div class=\"column\"><h3 class=\"entry-title\">Jurat 3<\/h3><\/div><!-- column --><div class=\"column\"><div class=\"entry-description\"><p><\/p><\/div><!-- entry-descriptio --><\/div><!-- column --><\/div>\t\t\t\t<\/div>\n\t\t\t\t<\/div>\n\t\t<div class=\"elementor-element elementor-element-22d88ec e-con-full e-flex e-con e-child\" data-id=\"22d88ec\" data-element_type=\"container\">\n\t\t<div class=\"elementor-element elementor-element-b06209d e-con-full e-flex e-con e-child\" data-id=\"b06209d\" data-element_type=\"container\">\n\t\t\t\t<div class=\"elementor-element elementor-element-1510c50 elementor-widget elementor-widget-fynode-image-box\" data-id=\"1510c50\" data-element_type=\"widget\" data-widget_type=\"fynode-image-box.default\">\n\t\t\t\t<div class=\"elementor-widget-container\">\n\t\t\t\t\t<div class=\"site-content-over-media\"><div class=\"entry-media\"><img decoding=\"async\" src=\"https:\/\/ametllafilmfest.com\/wp-content\/uploads\/2025\/04\/Diseno-sin-titulo-1.png\" alt=\"\"><\/div><!-- entry-media --><div class=\"entry-content\"><div class=\"entry-content-inner\"><div class=\"entry-description\"><p>Cristina Bux\u00f3<\/p><\/div><!-- entry-description --><\/div><!-- entry-content-inner --><a href=\"\"  class=\"btn btn-link\"> <i class=\"klb-icon-move-right\"><\/i><\/a><\/div><!-- entry-content --><a href=\"\"  class=\"wrap-link\"><\/a><\/div><!-- site-content-over-media -->\t\t\t\t<\/div>\n\t\t\t\t<\/div>\n\t\t\t\t<\/div>\n\t\t<div class=\"elementor-element elementor-element-95862e6 e-con-full e-flex e-con e-child\" data-id=\"95862e6\" data-element_type=\"container\">\n\t\t\t\t<div class=\"elementor-element elementor-element-4596158 elementor-widget elementor-widget-fynode-custom-title\" data-id=\"4596158\" data-element_type=\"widget\" data-widget_type=\"fynode-custom-title.default\">\n\t\t\t\t<div class=\"elementor-widget-container\">\n\t\t\t\t\t<div class=\"site-module-header fynode-custom-title flex-column align-items-center\"><div class=\"column\"><h3 class=\"entry-title\"><\/h3><\/div><!-- column --><div class=\"column\"><div class=\"entry-description\"><p>Cristina Bux\u00f3 es una apasionada de la fotograf\u00eda.  \nA lo largo de su trayectoria ha trabajado en diversos proyectos como directora de fotograf\u00eda y asistente de c\u00e1mara, aportando siempre una mirada sensible y precisa detr\u00e1s del objetivo.  \nAdem\u00e1s de su experiencia en el mundo del cine, tambi\u00e9n ha ejercido como instructora de fotograf\u00eda en escuelas de cine, compartiendo sus conocimientos con nuevas generaciones de profesionales.<\/p><\/div><!-- entry-descriptio --><\/div><!-- column --><\/div>\t\t\t\t<\/div>\n\t\t\t\t<\/div>\n\t\t\t\t<\/div>\n\t\t\t\t<\/div>\n\t\t\t\t<div class=\"elementor-element elementor-element-fce2eb8 elementor-widget-divider--view-line elementor-widget elementor-widget-divider\" data-id=\"fce2eb8\" data-element_type=\"widget\" data-widget_type=\"divider.default\">\n\t\t\t\t<div class=\"elementor-widget-container\">\n\t\t\t\t\t\t\t<div class=\"elementor-divider\">\n\t\t\t<span class=\"elementor-divider-separator\">\n\t\t\t\t\t\t<\/span>\n\t\t<\/div>\n\t\t\t\t\t\t<\/div>\n\t\t\t\t<\/div>\n\t\t\t\t\t<\/div>\n\t\t\t\t<\/div>\n\t\t<div class=\"elementor-element elementor-element-f02a127 e-flex e-con-boxed e-con e-parent\" data-id=\"f02a127\" data-element_type=\"container\">\n\t\t\t\t\t<div class=\"e-con-inner\">\n\t\t<div class=\"elementor-element elementor-element-8f6b247 e-flex e-con-boxed e-con e-child\" data-id=\"8f6b247\" data-element_type=\"container\">\n\t\t\t\t\t<div class=\"e-con-inner\">\n\t\t<div class=\"elementor-element elementor-element-c5b2675 e-con-full e-flex e-con e-child\" data-id=\"c5b2675\" data-element_type=\"container\">\n\t\t\t\t<div class=\"elementor-element elementor-element-a4d0b5d elementor-widget elementor-widget-fynode-video-box\" data-id=\"a4d0b5d\" data-element_type=\"widget\" data-widget_type=\"fynode-video-box.default\">\n\t\t\t\t<div class=\"elementor-widget-container\">\n\t\t\t\t\t<div class=\"site-banner default-style banner-rounded light\" style=\"--banner-mobile: 400px; --banner-tablet: 580px; --banner-desktop: 760px;\"><div class=\"site-banner-content align-items-center justify-content-center padding-2xl\"><div class=\"site-banner-inner max-width\" style=\"--max-width-desktop: 70%; --max-width-tablet: 60%; --max-width-mobile: 80%;\"><div class=\"site-banner-header\"><h3 class=\"entry-subtitle subtitle-sm subtitle-lg subtitle-margin\">Transformamos el pueblo en<\/h3><h2 class=\"entry-title title-4xl font-bold tracking-tight leading-tight title-margin\">Un punto de encuentro para amantes del cine y creadores.<\/h2><\/div><!-- site-banner-header --><div class=\"site-banner-body\"><div class=\"entry-description description-xl opacity-75 fw-light\"><p>Se proyectan pel\u00edculas, se debaten historias y se comparten emociones...<\/p><\/div><!-- entry-description --><\/div><!-- site-banner-body --><\/div><!-- site-banner-inner --><\/div><!-- site-banner-content --><div class=\"site-banner-media image-overlay dark\" style=\"--overlay-opacity: .1;\"><video src=\"https:\/\/ametllafilmfest.com\/wp-content\/uploads\/2025\/03\/DJI_0605.mp4\" autoplay muted loop playsinline><\/video><\/div><!-- site-banner-media --><a href=\"\"  class=\"wrap-link\"><\/a><\/div><!-- site-banner -->\t\t\t\t<\/div>\n\t\t\t\t<\/div>\n\t\t\t\t<\/div>\n\t\t\t\t\t<\/div>\n\t\t\t\t<\/div>\n\t\t\t\t\t<\/div>\n\t\t\t\t<\/div>\n\t\t<div class=\"elementor-element elementor-element-50668ab e-flex e-con-boxed e-con e-parent\" data-id=\"50668ab\" data-element_type=\"container\">\n\t\t\t\t\t<div class=\"e-con-inner\">\n\t\t\t\t<div class=\"elementor-element elementor-element-a199f0c elementor-widget elementor-widget-spacer\" data-id=\"a199f0c\" data-element_type=\"widget\" data-widget_type=\"spacer.default\">\n\t\t\t\t<div class=\"elementor-widget-container\">\n\t\t\t\t\t\t\t<div class=\"elementor-spacer\">\n\t\t\t<div class=\"elementor-spacer-inner\"><\/div>\n\t\t<\/div>\n\t\t\t\t\t\t<\/div>\n\t\t\t\t<\/div>\n\t\t\t\t\t<\/div>\n\t\t\t\t<\/div>\n\t\t<div class=\"elementor-element elementor-element-6697e69 e-con-full e-flex e-con e-parent\" data-id=\"6697e69\" data-element_type=\"container\">\n\t\t\t\t<div class=\"elementor-element elementor-element-b66cbe9 elementor-widget__width-initial elementor-widget elementor-widget-heading\" data-id=\"b66cbe9\" data-element_type=\"widget\" data-widget_type=\"heading.default\">\n\t\t\t\t<div class=\"elementor-widget-container\">\n\t\t\t\t\t<h2 class=\"elementor-heading-title elementor-size-default\">TU GU\u00cdA PARA EL FESTIVAL<\/h2>\t\t\t\t<\/div>\n\t\t\t\t<\/div>\n\t\t\t\t<\/div>\n\t\t<div class=\"elementor-element elementor-element-8f0ecfb e-flex e-con-boxed e-con e-parent\" data-id=\"8f0ecfb\" data-element_type=\"container\">\n\t\t\t\t\t<div class=\"e-con-inner\">\n\t\t<div class=\"elementor-element elementor-element-ac74167 e-con-full e-flex e-con e-child\" data-id=\"ac74167\" data-element_type=\"container\">\n\t\t\t\t<div class=\"elementor-element elementor-element-1915dfa elementor-widget__width-initial elementor-widget elementor-widget-fynode-custom-title\" data-id=\"1915dfa\" data-element_type=\"widget\" data-widget_type=\"fynode-custom-title.default\">\n\t\t\t\t<div class=\"elementor-widget-container\">\n\t\t\t\t\t<div class=\"site-module-header fynode-custom-title\"><div class=\"column\"><h3 class=\"entry-title\">Ubicaci\u00f3n    <\/h3><\/div><!-- column --><div class=\"column\"><div class=\"entry-description\"><p>Us esperem a l'Ametlla de Mar, Tarragona.    <\/p><\/div><!-- entry-descriptio --><\/div><!-- column --><\/div>\t\t\t\t<\/div>\n\t\t\t\t<\/div>\n\t\t\t\t<\/div>\n\t\t<div class=\"elementor-element elementor-element-6177e28 e-con-full e-flex e-con e-child\" data-id=\"6177e28\" data-element_type=\"container\">\n\t\t\t\t<div class=\"elementor-element elementor-element-e922f0f elementor-widget elementor-widget-fynode-button\" data-id=\"e922f0f\" data-element_type=\"widget\" data-widget_type=\"fynode-button.default\">\n\t\t\t\t<div class=\"elementor-widget-container\">\n\t\t\t\t\t<div class=\"fynode-button\"><a class=\"btn btn-black btn-rounded fynode-btn icon-right\" href=\"https:\/\/maps.app.goo.gl\/aUn7oDNFki3umr3e8\">\u00bfD\u00f3nde estamos? <\/a><\/div>\t\t\t\t<\/div>\n\t\t\t\t<\/div>\n\t\t\t\t<\/div>\n\t\t\t\t\t<\/div>\n\t\t\t\t<\/div>\n\t\t<div class=\"elementor-element elementor-element-e1b6ed0 e-flex e-con-boxed e-con e-parent\" data-id=\"e1b6ed0\" data-element_type=\"container\">\n\t\t\t\t\t<div class=\"e-con-inner\">\n\t\t<div class=\"elementor-element elementor-element-a7c82ca e-con-full e-flex e-con e-child\" data-id=\"a7c82ca\" data-element_type=\"container\">\n\t\t\t\t<div class=\"elementor-element elementor-element-e059a14 elementor-widget__width-initial elementor-widget elementor-widget-fynode-custom-title\" data-id=\"e059a14\" data-element_type=\"widget\" data-widget_type=\"fynode-custom-title.default\">\n\t\t\t\t<div class=\"elementor-widget-container\">\n\t\t\t\t\t<div class=\"site-module-header fynode-custom-title\"><div class=\"column\"><h3 class=\"entry-title\">Alojamiento<\/h3><\/div><!-- column --><div class=\"column\"><div class=\"entry-description\"><p>Descubre opciones para alojarte cerca del festival.<\/p><\/div><!-- entry-descriptio --><\/div><!-- column --><\/div>\t\t\t\t<\/div>\n\t\t\t\t<\/div>\n\t\t\t\t<\/div>\n\t\t<div class=\"elementor-element elementor-element-60eda44 e-con-full e-flex e-con e-child\" data-id=\"60eda44\" data-element_type=\"container\">\n\t\t\t\t<div class=\"elementor-element elementor-element-a616284 elementor-widget elementor-widget-fynode-button\" data-id=\"a616284\" data-element_type=\"widget\" data-widget_type=\"fynode-button.default\">\n\t\t\t\t<div class=\"elementor-widget-container\">\n\t\t\t\t\t<div class=\"fynode-button\"><a class=\"btn btn-black btn-rounded fynode-btn icon-right\" href=\"https:\/\/www.hotelametllamar.com\/?gad_source=1&gad_campaignid=64267970&gbraid=0AAAAAD8XjF7ICL9S4ev1PaWZyoo2Z_Hr5\">\u00bfD\u00f3nde dormir? <\/a><\/div>\t\t\t\t<\/div>\n\t\t\t\t<\/div>\n\t\t\t\t<\/div>\n\t\t\t\t\t<\/div>\n\t\t\t\t<\/div>\n\t\t<div class=\"elementor-element elementor-element-2d5191b e-flex e-con-boxed e-con e-parent\" data-id=\"2d5191b\" data-element_type=\"container\">\n\t\t\t\t\t<div class=\"e-con-inner\">\n\t\t<div class=\"elementor-element elementor-element-ee94c9c e-con-full e-flex e-con e-child\" data-id=\"ee94c9c\" data-element_type=\"container\">\n\t\t\t\t<div class=\"elementor-element elementor-element-4ccf431 elementor-widget__width-initial elementor-widget elementor-widget-fynode-custom-title\" data-id=\"4ccf431\" data-element_type=\"widget\" data-widget_type=\"fynode-custom-title.default\">\n\t\t\t\t<div class=\"elementor-widget-container\">\n\t\t\t\t\t<div class=\"site-module-header fynode-custom-title\"><div class=\"column\"><h3 class=\"entry-title\">Gastronom\u00eda<\/h3><\/div><!-- column --><div class=\"column\"><div class=\"entry-description\"><p>Conoce los mejores platos de la zona.<\/p><\/div><!-- entry-descriptio --><\/div><!-- column --><\/div>\t\t\t\t<\/div>\n\t\t\t\t<\/div>\n\t\t\t\t<\/div>\n\t\t<div class=\"elementor-element elementor-element-09efd35 e-con-full e-flex e-con e-child\" data-id=\"09efd35\" data-element_type=\"container\">\n\t\t\t\t<div class=\"elementor-element elementor-element-70c9cc6 elementor-widget elementor-widget-fynode-button\" data-id=\"70c9cc6\" data-element_type=\"widget\" data-widget_type=\"fynode-button.default\">\n\t\t\t\t<div class=\"elementor-widget-container\">\n\t\t\t\t\t<div class=\"fynode-button\"><a class=\"btn btn-black btn-rounded fynode-btn icon-right\" href=\"https:\/\/www.visitametllademar.com\/lametlla\/where-to-eat\">\u00bfD\u00f3nde comer? <\/a><\/div>\t\t\t\t<\/div>\n\t\t\t\t<\/div>\n\t\t\t\t<\/div>\n\t\t\t\t\t<\/div>\n\t\t\t\t<\/div>\n\t\t<div class=\"elementor-element elementor-element-df68a28 e-flex e-con-boxed e-con e-parent\" data-id=\"df68a28\" data-element_type=\"container\">\n\t\t\t\t\t<div class=\"e-con-inner\">\n\t\t<div class=\"elementor-element elementor-element-1d7a086 e-con-full e-flex e-con e-child\" data-id=\"1d7a086\" data-element_type=\"container\">\n\t\t\t\t<div class=\"elementor-element elementor-element-2eb4e5d elementor-widget__width-initial elementor-widget elementor-widget-fynode-custom-title\" data-id=\"2eb4e5d\" data-element_type=\"widget\" data-widget_type=\"fynode-custom-title.default\">\n\t\t\t\t<div class=\"elementor-widget-container\">\n\t\t\t\t\t<div class=\"site-module-header fynode-custom-title\"><div class=\"column\"><h3 class=\"entry-title\">Espacios del festival<\/h3><\/div><!-- column --><div class=\"column\"><div class=\"entry-description\"><p>Sala de projecci\u00f3.<\/p><\/div><!-- entry-descriptio --><\/div><!-- column --><\/div>\t\t\t\t<\/div>\n\t\t\t\t<\/div>\n\t\t\t\t<\/div>\n\t\t<div class=\"elementor-element elementor-element-b203930 e-con-full e-flex e-con e-child\" data-id=\"b203930\" data-element_type=\"container\">\n\t\t\t\t<div class=\"elementor-element elementor-element-f097e8d elementor-widget elementor-widget-fynode-button\" data-id=\"f097e8d\" data-element_type=\"widget\" data-widget_type=\"fynode-button.default\">\n\t\t\t\t<div class=\"elementor-widget-container\">\n\t\t\t\t\t<div class=\"fynode-button\"><a class=\"btn btn-black btn-rounded fynode-btn icon-right\" href=\"https:\/\/maps.app.goo.gl\/B45KzCy44nNj1gm49\">\u00bfD\u00f3nde nos vemos? <\/a><\/div>\t\t\t\t<\/div>\n\t\t\t\t<\/div>\n\t\t\t\t<\/div>\n\t\t\t\t\t<\/div>\n\t\t\t\t<\/div>\n\t\t<div class=\"elementor-element elementor-element-6ad9ba1 e-flex e-con-boxed e-con e-parent\" data-id=\"6ad9ba1\" data-element_type=\"container\">\n\t\t\t\t\t<div class=\"e-con-inner\">\n\t\t<div class=\"elementor-element elementor-element-bd54d96 e-con-full e-flex e-con e-child\" data-id=\"bd54d96\" data-element_type=\"container\">\n\t\t\t\t<div class=\"elementor-element elementor-element-c1e3a82 elementor-widget__width-initial elementor-widget elementor-widget-fynode-custom-title\" data-id=\"c1e3a82\" data-element_type=\"widget\" data-widget_type=\"fynode-custom-title.default\">\n\t\t\t\t<div class=\"elementor-widget-container\">\n\t\t\t\t\t<div class=\"site-module-header fynode-custom-title\"><div class=\"column\"><h3 class=\"entry-title\">Espacios del festival<\/h3><\/div><!-- column --><div class=\"column\"><div class=\"entry-description\"><p>Sala inauguraci\u00f3.<\/p><\/div><!-- entry-descriptio --><\/div><!-- column --><\/div>\t\t\t\t<\/div>\n\t\t\t\t<\/div>\n\t\t\t\t<\/div>\n\t\t<div class=\"elementor-element elementor-element-9a6374d e-con-full e-flex e-con e-child\" data-id=\"9a6374d\" data-element_type=\"container\">\n\t\t\t\t<div class=\"elementor-element elementor-element-6712ca9 elementor-widget elementor-widget-fynode-button\" data-id=\"6712ca9\" data-element_type=\"widget\" data-widget_type=\"fynode-button.default\">\n\t\t\t\t<div class=\"elementor-widget-container\">\n\t\t\t\t\t<div class=\"fynode-button\"><a class=\"btn btn-black btn-rounded fynode-btn icon-right\" href=\"https:\/\/maps.app.goo.gl\/oMXLXGppNeDySSHF7\">\u00bfD\u00f3nde nos vemos? <\/a><\/div>\t\t\t\t<\/div>\n\t\t\t\t<\/div>\n\t\t\t\t<\/div>\n\t\t\t\t\t<\/div>\n\t\t\t\t<\/div>\n\t\t<div class=\"elementor-element elementor-element-cdb07da e-flex e-con-boxed e-con e-parent\" data-id=\"cdb07da\" data-element_type=\"container\">\n\t\t\t\t\t<div class=\"e-con-inner\">\n\t\t<div class=\"elementor-element elementor-element-ec5a273 e-con-full e-flex e-con e-child\" data-id=\"ec5a273\" data-element_type=\"container\">\n\t\t\t\t<div class=\"elementor-element elementor-element-71e862a elementor-widget__width-initial elementor-widget elementor-widget-fynode-custom-title\" data-id=\"71e862a\" data-element_type=\"widget\" data-widget_type=\"fynode-custom-title.default\">\n\t\t\t\t<div class=\"elementor-widget-container\">\n\t\t\t\t\t<div class=\"site-module-header fynode-custom-title\"><div class=\"column\"><h3 class=\"entry-title\">Actividades paralelas<\/h3><\/div><!-- column --><div class=\"column\"><div class=\"entry-description\"><p>Descubre todo lo que pasa en el pueblo.<\/p><\/div><!-- entry-descriptio --><\/div><!-- column --><\/div>\t\t\t\t<\/div>\n\t\t\t\t<\/div>\n\t\t\t\t<\/div>\n\t\t<div class=\"elementor-element elementor-element-f54602d e-con-full e-flex e-con e-child\" data-id=\"f54602d\" data-element_type=\"container\">\n\t\t\t\t<div class=\"elementor-element elementor-element-6c7dc5d elementor-widget elementor-widget-fynode-button\" data-id=\"6c7dc5d\" data-element_type=\"widget\" data-widget_type=\"fynode-button.default\">\n\t\t\t\t<div class=\"elementor-widget-container\">\n\t\t\t\t\t<div class=\"fynode-button\"><a class=\"btn btn-black btn-rounded fynode-btn icon-right\" href=\"https:\/\/www.visitametllademar.com\/events\">\u00bfD\u00f3nde pasarlo bien? <\/a><\/div>\t\t\t\t<\/div>\n\t\t\t\t<\/div>\n\t\t\t\t<\/div>\n\t\t\t\t\t<\/div>\n\t\t\t\t<\/div>\n\t\t<div class=\"elementor-element elementor-element-fc50c26 e-flex e-con-boxed e-con e-parent\" data-id=\"fc50c26\" data-element_type=\"container\">\n\t\t\t\t\t<div class=\"e-con-inner\">\n\t\t\t\t<div class=\"elementor-element elementor-element-3af07dd elementor-widget elementor-widget-spacer\" data-id=\"3af07dd\" data-element_type=\"widget\" data-widget_type=\"spacer.default\">\n\t\t\t\t<div class=\"elementor-widget-container\">\n\t\t\t\t\t\t\t<div class=\"elementor-spacer\">\n\t\t\t<div class=\"elementor-spacer-inner\"><\/div>\n\t\t<\/div>\n\t\t\t\t\t\t<\/div>\n\t\t\t\t<\/div>\n\t\t\t\t\t<\/div>\n\t\t\t\t<\/div>\n\t\t<div class=\"elementor-element elementor-element-83961d6 e-con-full e-flex e-con e-parent\" data-id=\"83961d6\" data-element_type=\"container\">\n\t\t\t\t<div class=\"elementor-element elementor-element-9b24be7 elementor-widget__width-initial elementor-widget elementor-widget-heading\" data-id=\"9b24be7\" data-element_type=\"widget\" data-widget_type=\"heading.default\">\n\t\t\t\t<div class=\"elementor-widget-container\">\n\t\t\t\t\t<h2 class=\"elementor-heading-title elementor-size-default\">AGRADECIMIENTOS<\/h2>\t\t\t\t<\/div>\n\t\t\t\t<\/div>\n\t\t\t\t<\/div>\n\t\t<div class=\"elementor-element elementor-element-94b8909 e-flex e-con-boxed e-con e-parent\" data-id=\"94b8909\" data-element_type=\"container\">\n\t\t\t\t\t<div class=\"e-con-inner\">\n\t\t\t\t<div class=\"elementor-element elementor-element-dcf1085 elementor-widget elementor-widget-fynode-custom-title\" data-id=\"dcf1085\" data-element_type=\"widget\" data-widget_type=\"fynode-custom-title.default\">\n\t\t\t\t<div class=\"elementor-widget-container\">\n\t\t\t\t\t<div class=\"site-module-header fynode-custom-title flex-column align-items-center\"><div class=\"column\"><h3 class=\"entry-title\"><\/h3><\/div><!-- column --><div class=\"column\"><div class=\"entry-description\"><p>Paula Pallar\u00e9s Borr\u00e0s, Noelia Brull, Anna Aragon, Judith Molina, \u00c0ngels Garcia Bayarri, Miruna Popa.<\/p><\/div><!-- entry-descriptio --><\/div><!-- column --><\/div>\t\t\t\t<\/div>\n\t\t\t\t<\/div>\n\t\t\t\t\t<\/div>\n\t\t\t\t<\/div>\n\t\t\t\t<\/div>","protected":false},"excerpt":{"rendered":"<p>Passi\u00f3 pel cinema, comprom\u00eds amb la cultura i amor per l&#039;Ametlla de Mar. Compra la teva entrada SOBRE NOSALTRES Darrere del festival hi ha un equip apassionat per la cultura i l\u2019audiovisual, format per professionals del sector, voluntaris i persones que creuen en el cinema com una eina per inspirar i transformar. Cada detall del<\/p>\n<div class=\"klb-readmore post-buttons\"><a class=\"btn btn-black btn-rounded\" href=\"https:\/\/ametllafilmfest.com\/es\/info\/\">Read More <i class=\"klbth-icon-right-arrow\"><\/i><\/a><\/div>","protected":false},"author":1,"featured_media":0,"parent":0,"menu_order":0,"comment_status":"closed","ping_status":"closed","template":"","meta":{"footnotes":""},"class_list":["post-1351","page","type-page","status-publish","hentry"],"_links":{"self":[{"href":"https:\/\/ametllafilmfest.com\/es\/wp-json\/wp\/v2\/pages\/1351","targetHints":{"allow":["GET"]}}],"collection":[{"href":"https:\/\/ametllafilmfest.com\/es\/wp-json\/wp\/v2\/pages"}],"about":[{"href":"https:\/\/ametllafilmfest.com\/es\/wp-json\/wp\/v2\/types\/page"}],"author":[{"embeddable":true,"href":"https:\/\/ametllafilmfest.com\/es\/wp-json\/wp\/v2\/users\/1"}],"replies":[{"embeddable":true,"href":"https:\/\/ametllafilmfest.com\/es\/wp-json\/wp\/v2\/comments?post=1351"}],"version-history":[{"count":5,"href":"https:\/\/ametllafilmfest.com\/es\/wp-json\/wp\/v2\/pages\/1351\/revisions"}],"predecessor-version":[{"id":3327,"href":"https:\/\/ametllafilmfest.com\/es\/wp-json\/wp\/v2\/pages\/1351\/revisions\/3327"}],"wp:attachment":[{"href":"https:\/\/ametllafilmfest.com\/es\/wp-json\/wp\/v2\/media?parent=1351"}],"curies":[{"name":"wp","href":"https:\/\/api.w.org\/{rel}","templated":true}]}}